{"id":31,"date":"2020-10-09T08:25:46","date_gmt":"2020-10-09T06:25:46","guid":{"rendered":"http:\/\/lafermu.cluster026.hosting.ovh.net\/?page_id=31"},"modified":"2021-01-08T17:14:45","modified_gmt":"2021-01-08T16:14:45","slug":"ferme-therapeutique","status":"publish","type":"page","link":"https:\/\/lafermepacifique.fr\/index.php\/la-ferme-pacifique\/ferme-therapeutique\/","title":{"rendered":"Ferme Th\u00e9rapeutique"},"content":{"rendered":"\n<div class=\"wp-block-media-text alignwide has-media-on-the-right is-stacked-on-mobile has-white-color has-text-color has-background\" style=\"background-color:#405952\"><figure class=\"wp-block-media-text__media\"><img loading=\"lazy\" decoding=\"async\" width=\"1024\" height=\"939\" src=\"https:\/\/lafermepacifique.fr\/wp-content\/uploads\/2020\/10\/pre\u0301sentation-ferme-the\u0301rapeutique-1-scaled-e1602485926161-1024x939.jpg\" alt=\"Lama et alpagas \u00e0 l'ombre\" class=\"wp-image-197\" srcset=\"https:\/\/lafermepacifique.fr\/wp-content\/uploads\/2020\/10\/pre\u0301sentation-ferme-the\u0301rapeutique-1-scaled-e1602485926161-1024x939.jpg 1024w, https:\/\/lafermepacifique.fr\/wp-content\/uploads\/2020\/10\/pre\u0301sentation-ferme-the\u0301rapeutique-1-scaled-e1602485926161-300x275.jpg 300w, https:\/\/lafermepacifique.fr\/wp-content\/uploads\/2020\/10\/pre\u0301sentation-ferme-the\u0301rapeutique-1-scaled-e1602485926161-768x704.jpg 768w, https:\/\/lafermepacifique.fr\/wp-content\/uploads\/2020\/10\/pre\u0301sentation-ferme-the\u0301rapeutique-1-scaled-e1602485926161-65x60.jpg 65w, https:\/\/lafermepacifique.fr\/wp-content\/uploads\/2020\/10\/pre\u0301sentation-ferme-the\u0301rapeutique-1-scaled-e1602485926161.jpg 1521w\" sizes=\"auto, (max-width: 1024px) 100vw, 1024px\" \/><\/figure><div class=\"wp-block-media-text__content\">\n<h4 class=\"has-text-color wp-block-heading\" style=\"color:#f54f29\">FERME TH\u00c9RAPEUTIQUE<br>IND\u00c9PENDANTE<\/h4>\n\n\n\n<h1 class=\"has-white-color has-text-color wp-block-heading\">LA FERME<br>PACIFIQUE<br>CAMARGUE<\/h1>\n\n\n\n<hr class=\"wp-block-separator has-text-color has-background\" style=\"background-color:#f54f29;color:#f54f29\"\/>\n\n\n\n<p>Adapt\u00e9e pour des personnes \u00e2g\u00e9es et des adolescents\/enfants en difficult\u00e9<\/p>\n<\/div><\/div>\n\n\n\n<div class=\"wp-block-media-text alignwide is-stacked-on-mobile has-white-color has-text-color has-background\" style=\"background-color:#405952\"><figure class=\"wp-block-media-text__media\"><img loading=\"lazy\" decoding=\"async\" width=\"800\" height=\"800\" src=\"http:\/\/lafermu.cluster026.hosting.ovh.net\/wp-content\/uploads\/2020\/10\/dessin-alpaga.jpg\" alt=\"\" class=\"wp-image-105\" srcset=\"https:\/\/lafermepacifique.fr\/wp-content\/uploads\/2020\/10\/dessin-alpaga.jpg 800w, https:\/\/lafermepacifique.fr\/wp-content\/uploads\/2020\/10\/dessin-alpaga-300x300.jpg 300w, https:\/\/lafermepacifique.fr\/wp-content\/uploads\/2020\/10\/dessin-alpaga-150x150.jpg 150w, https:\/\/lafermepacifique.fr\/wp-content\/uploads\/2020\/10\/dessin-alpaga-768x768.jpg 768w, https:\/\/lafermepacifique.fr\/wp-content\/uploads\/2020\/10\/dessin-alpaga-60x60.jpg 60w, https:\/\/lafermepacifique.fr\/wp-content\/uploads\/2020\/10\/dessin-alpaga-468x468.jpg 468w\" sizes=\"auto, (max-width: 800px) 100vw, 800px\" \/><\/figure><div class=\"wp-block-media-text__content\">\n<h4 class=\"has-text-color wp-block-heading\" style=\"color:#f54f29\">DES ALPAGAS DANS UN D\u00c9COR APAISANT AUX INFLUENCES DU PACIFIQUE<\/h4>\n\n\n\n<hr class=\"wp-block-separator has-text-color has-background\" style=\"background-color:#f54f29;color:#f54f29\"\/>\n\n\n\n<p>La Ferme met en relation le groupe avec les divers animaux de la ferme au travers du contact, des soins, de l&#8217;observation, en permettant \u00e0 chacun de d\u00e9velopper des relations privil\u00e9gi\u00e9es avec l&#8217;animal de son choix<\/p>\n<\/div><\/div>\n\n\n\n<div class=\"wp-block-media-text alignwide has-media-on-the-right is-stacked-on-mobile has-white-color has-text-color has-background\" style=\"background-color:#405952\"><figure class=\"wp-block-media-text__media\"><img loading=\"lazy\" decoding=\"async\" width=\"800\" height=\"800\" src=\"http:\/\/lafermu.cluster026.hosting.ovh.net\/wp-content\/uploads\/2020\/10\/boelle-presentation.png\" alt=\"\" class=\"wp-image-108\" srcset=\"https:\/\/lafermepacifique.fr\/wp-content\/uploads\/2020\/10\/boelle-presentation.png 800w, https:\/\/lafermepacifique.fr\/wp-content\/uploads\/2020\/10\/boelle-presentation-300x300.png 300w, https:\/\/lafermepacifique.fr\/wp-content\/uploads\/2020\/10\/boelle-presentation-150x150.png 150w, https:\/\/lafermepacifique.fr\/wp-content\/uploads\/2020\/10\/boelle-presentation-768x768.png 768w, https:\/\/lafermepacifique.fr\/wp-content\/uploads\/2020\/10\/boelle-presentation-60x60.png 60w, https:\/\/lafermepacifique.fr\/wp-content\/uploads\/2020\/10\/boelle-presentation-468x468.png 468w\" sizes=\"auto, (max-width: 800px) 100vw, 800px\" \/><\/figure><div class=\"wp-block-media-text__content\">\n<h4 class=\"has-text-color wp-block-heading\" style=\"color:#f54f29\">ZOOTH\u00c9RAPIE<\/h4>\n\n\n\n<hr class=\"wp-block-separator has-text-color has-background\" style=\"background-color:#f54f29;color:#f54f29\"\/>\n\n\n\n<p><strong>Bo\u00eblle Briau<\/strong><\/p>\n\n\n\n<p>Intervenante professionnelle en M\u00e9diation Animale,<br>sp\u00e9cialis\u00e9e en Montessori,<br>dipl\u00f4m\u00e9e en 2014 \u00e0 IFZ et membre du syndicat Fran\u00e7ais des Zooth\u00e9rapeutes<\/p>\n\n\n\n<blockquote class=\"wp-block-quote is-layout-flow wp-block-quote-is-layout-flow\"><p><em>&#8220;J\u2019ai voulu cr\u00e9er une ferme accessible \u00e0 tous les types de handicap physiques et mentaux&#8221;<\/em><\/p><\/blockquote>\n<\/div><\/div>\n\n\n\n<div class=\"wp-block-media-text alignwide is-stacked-on-mobile has-white-color has-text-color has-background\" style=\"background-color:#405952\"><figure class=\"wp-block-media-text__media\"><img loading=\"lazy\" decoding=\"async\" width=\"800\" height=\"800\" src=\"http:\/\/lafermu.cluster026.hosting.ovh.net\/wp-content\/uploads\/2020\/10\/poule-presentation.png\" alt=\"\" class=\"wp-image-109\" srcset=\"https:\/\/lafermepacifique.fr\/wp-content\/uploads\/2020\/10\/poule-presentation.png 800w, https:\/\/lafermepacifique.fr\/wp-content\/uploads\/2020\/10\/poule-presentation-300x300.png 300w, https:\/\/lafermepacifique.fr\/wp-content\/uploads\/2020\/10\/poule-presentation-150x150.png 150w, https:\/\/lafermepacifique.fr\/wp-content\/uploads\/2020\/10\/poule-presentation-768x768.png 768w, https:\/\/lafermepacifique.fr\/wp-content\/uploads\/2020\/10\/poule-presentation-60x60.png 60w, https:\/\/lafermepacifique.fr\/wp-content\/uploads\/2020\/10\/poule-presentation-468x468.png 468w\" sizes=\"auto, (max-width: 800px) 100vw, 800px\" \/><\/figure><div class=\"wp-block-media-text__content\">\n<h4 class=\"has-text-color wp-block-heading\" style=\"color:#f54f29\">NOTRE OBJETCTIF<\/h4>\n\n\n\n<hr class=\"wp-block-separator has-text-color has-background\" style=\"background-color:#f54f29;color:#f54f29\"\/>\n\n\n\n<p>Stimuler, aider et accompagner gr\u00e2ce au contact avec les animaux et la nature<\/p>\n<\/div><\/div>\n\n\n\n<div class=\"wp-block-group alignwide\"><div class=\"wp-block-group__inner-container is-layout-flow wp-block-group-is-layout-flow\">\n<div class=\"wp-block-media-text alignwide has-media-on-the-right is-stacked-on-mobile has-white-color has-text-color has-background\" style=\"background-color:#405952\"><figure class=\"wp-block-media-text__media\"><img loading=\"lazy\" decoding=\"async\" width=\"800\" height=\"800\" src=\"http:\/\/lafermu.cluster026.hosting.ovh.net\/wp-content\/uploads\/2020\/10\/paons-presentation.png\" alt=\"\" class=\"wp-image-111\" srcset=\"https:\/\/lafermepacifique.fr\/wp-content\/uploads\/2020\/10\/paons-presentation.png 800w, https:\/\/lafermepacifique.fr\/wp-content\/uploads\/2020\/10\/paons-presentation-300x300.png 300w, https:\/\/lafermepacifique.fr\/wp-content\/uploads\/2020\/10\/paons-presentation-150x150.png 150w, https:\/\/lafermepacifique.fr\/wp-content\/uploads\/2020\/10\/paons-presentation-768x768.png 768w, https:\/\/lafermepacifique.fr\/wp-content\/uploads\/2020\/10\/paons-presentation-60x60.png 60w, https:\/\/lafermepacifique.fr\/wp-content\/uploads\/2020\/10\/paons-presentation-468x468.png 468w\" sizes=\"auto, (max-width: 800px) 100vw, 800px\" \/><\/figure><div class=\"wp-block-media-text__content\">\n<h4 class=\"has-text-color wp-block-heading\" style=\"color:#f54f29\">Des espaces de d\u00e9tente et ludiques pour des activit\u00e9s adapt\u00e9s<\/h4>\n\n\n\n<hr class=\"wp-block-separator has-text-color has-background\" style=\"background-color:#f54f29;color:#f54f29\"\/>\n\n\n\n<p>Diff\u00e9rents enclos avec abris accueillent alpagas, lama, poules, paons et rongeurs<\/p>\n<\/div><\/div>\n<\/div><\/div>\n\n\n\n<h2 class=\"has-text-align-center bckgr top-titre has-text-color has-background wp-block-heading\" style=\"background-color:#405952;color:#f54f29\">La Ferme Pacifique<br>Camargue<\/h2>\n\n\n\n<p class=\"has-text-align-center bckgr has-text-color has-background\" style=\"background-color:#405952;color:#f54f29\">Montacalm, 30600 Vauvert<br>T\u00e9l. 0662812978<\/p>\n\n\n\n<p class=\"has-text-align-center bckgr has-white-color has-text-color has-background\" style=\"background-color:#405952\"><a href=\"mailto:contact@lafermepacifique.fr\">contact@lafermepacifique.fr<\/a><br><a href=\"http:\/\/www.lafermepacifique.fr\" title=\"www.lafermepacifique.fr\">www.lafermepacifique.fr<\/a><\/p>\n\n\n\n<p class=\"has-text-align-center bckgr has-vivid-cyan-blue-color has-text-color has-background\" style=\"background-color:#405952\">Les activit\u00e9s de la Ferme sont assur\u00e9es par MEDINAT<br>(MMA) adh\u00e9sion n\u00b0 MD2N10131<\/p>\n\n\n\n<div class=\"wp-block-image logo-background\"><figure class=\"aligncenter size-large is-resized\"><img loading=\"lazy\" decoding=\"async\" src=\"https:\/\/lafermepacifique.fr\/wp-content\/uploads\/2020\/10\/logo-fp-e1602491813885.png\" alt=\"Logo-Ferme\" class=\"wp-image-251\" width=\"288\" height=\"197\"\/><\/figure><\/div>\n\n\n\n<p class=\"has-text-align-center bckgr has-vivid-cyan-blue-color has-text-color has-background\" style=\"background-color:#405952\">Suivez-nous sur <a href=\"https:\/\/www.facebook.com\/pages\/category\/Farm\/La-Ferme-Pacifique-Camargue-109232524199911\/\" target=\"_blank\" rel=\"noreferrer noopener\" title=\"https:\/\/www.facebook.com\/pages\/category\/Farm\/La-Ferme-Pacifique-Camargue-109232524199911\/\">Facebook<\/a> et <a href=\"https:\/\/www.instagram.com\/alpacafarm.camargue\" target=\"_blank\" rel=\"noreferrer noopener\" title=\"https:\/\/www.instagram.com\/alpacafarm.camargue\">Instagram<\/a><\/p>\n\n\n\r\n\t<div class=\"bdp-post-slider-wrp bdp-clearfix\">\r\n\t\t<div class=\"bdp-post-slider bdp-design-1\"  id=\"bdp-slider-1\">\r\n\t\t\t<div class=\"bdp-post-slides\">\r\n\t<div class=\"bdp-post-image-bg\" style=\"background-image: url(); \">\r\n\t\t<div class=\"bdp-post-overlay\">\r\n\t\t\r\n\t\t<h2 class=\"bdp-post-title\">\r\n\t\t\t<a href=\"https:\/\/lafermepacifique.fr\/index.php\/2026\/01\/09\/petit-dejeuner-a-la-ferme\/\">Petit d\u00e9jeuner \u00e0 La Ferme<\/a>\r\n\t\t<\/h2>\r\n\r\n\t\t\t\t\t<div class=\"bdp-post-meta\">\r\n\t\t\t\t\t\t\t\t\t\t\t\t\t\t\t\t\t<span class=\"bdp-post-meta-innr bdp-time\"> 9 janvier 2026 <\/span>\r\n\t\t\t\t\t\t\t\t\t\t\t\t\t\t\t<\/div>\r\n\t\t\t\t\t<div class=\"bdp-post-content\">\r\n\t\t\t\t<div class=\"bdp-post-short-content\">Nouveau : Petite Terrasse couverte plus proche des alpagas<\/div>\t\t\t\t\r\n\t\t\t\t\t\t\t\t<a href=\"https:\/\/lafermepacifique.fr\/index.php\/2026\/01\/09\/petit-dejeuner-a-la-ferme\/\" class=\"bdp-readmorebtn\">Lire la suite<\/a>\r\n\t\t\t\t\t\t\t<\/div>\r\n\t\t\t<\/div>\r\n\t<\/div>\t\r\n<\/div>\t\t<\/div>\r\n\t\t<div class=\"bdp-slider-conf\">{&quot;dots&quot;:&quot;false&quot;,&quot;arrows&quot;:&quot;false&quot;,&quot;autoplay&quot;:&quot;false&quot;,&quot;autoplay_interval&quot;:3000,&quot;speed&quot;:600,&quot;loop&quot;:&quot;true&quot;,&quot;design&quot;:&quot;design-1&quot;}<\/div>\r\n\t<\/div>\r\n\r\n\t\n","protected":false},"excerpt":{"rendered":"<p>Des espaces de d\u00e9tente et ludiques pour des activit\u00e9s adapt\u00e9s Diff\u00e9rents enclos avec abris accueillent alpagas, lama, poules, paons et rongeurs La Ferme PacifiqueCamargue Montacalm, 30600 VauvertT\u00e9l. 0662812978 contact@lafermepacifique.frwww.lafermepacifique.fr Les activit\u00e9s de la Ferme sont assur\u00e9es par MEDINAT(MMA) adh\u00e9sion n\u00b0 MD2N10131 Suivez-nous sur Facebook et Instagram<\/p>\n","protected":false},"author":1,"featured_media":428,"parent":27,"menu_order":0,"comment_status":"closed","ping_status":"closed","template":"","meta":{"footnotes":""},"class_list":["post-31","page","type-page","status-publish","has-post-thumbnail","hentry"],"_links":{"self":[{"href":"https:\/\/lafermepacifique.fr\/index.php\/wp-json\/wp\/v2\/pages\/31","targetHints":{"allow":["GET"]}}],"collection":[{"href":"https:\/\/lafermepacifique.fr\/index.php\/wp-json\/wp\/v2\/pages"}],"about":[{"href":"https:\/\/lafermepacifique.fr\/index.php\/wp-json\/wp\/v2\/types\/page"}],"author":[{"embeddable":true,"href":"https:\/\/lafermepacifique.fr\/index.php\/wp-json\/wp\/v2\/users\/1"}],"replies":[{"embeddable":true,"href":"https:\/\/lafermepacifique.fr\/index.php\/wp-json\/wp\/v2\/comments?post=31"}],"version-history":[{"count":19,"href":"https:\/\/lafermepacifique.fr\/index.php\/wp-json\/wp\/v2\/pages\/31\/revisions"}],"predecessor-version":[{"id":586,"href":"https:\/\/lafermepacifique.fr\/index.php\/wp-json\/wp\/v2\/pages\/31\/revisions\/586"}],"up":[{"embeddable":true,"href":"https:\/\/lafermepacifique.fr\/index.php\/wp-json\/wp\/v2\/pages\/27"}],"wp:featuredmedia":[{"embeddable":true,"href":"https:\/\/lafermepacifique.fr\/index.php\/wp-json\/wp\/v2\/media\/428"}],"wp:attachment":[{"href":"https:\/\/lafermepacifique.fr\/index.php\/wp-json\/wp\/v2\/media?parent=31"}],"curies":[{"name":"wp","href":"https:\/\/api.w.org\/{rel}","templated":true}]}}